{"id":2088,"date":"2015-11-24T07:42:31","date_gmt":"2015-11-24T06:42:31","guid":{"rendered":"https:\/\/svtransporte.de\/servicos-grid\/"},"modified":"2023-03-22T19:07:38","modified_gmt":"2023-03-22T18:07:38","slug":"servicos-grid","status":"publish","type":"page","link":"https:\/\/svtransporte.de\/pt-pt\/servicos-grid\/","title":{"rendered":"Servi\u00e7os-Grid"},"content":{"rendered":"<div class=\"wpb-content-wrapper\"><p>[vc_row css=&#8221;.vc_custom_1449137312762{margin-bottom: 40px !important;}&#8221;][vc_column offset=&#8221;vc_col-lg-4 vc_col-md-4&#8243; css=&#8221;.vc_custom_1449137321169{margin-bottom: 40px !important;}&#8221;][vc_column_text]<\/p>\n<h2>Qualidade e desempenho a um pre\u00e7o justo<\/h2>\n<p>[\/vc_column_text][\/vc_column][vc_column offset=&#8221;vc_col-lg-8 vc_col-md-8&#8243;][vc_column_text]<span class=\"Y2IQFc\" lang=\"de\" style=\"font-family: arial, helvetica, sans-serif;\">A SV-Transporte combina solu\u00e7\u00f5es individuais para se adequar a si pessoalmente. As solu\u00e7\u00f5es log\u00edsticas podem variar desde o simples transporte ou armazenamento at\u00e9 processos complexos.<\/span>[\/vc_column_text][\/vc_column][\/vc_row][vc_row css=&#8221;.vc_custom_1448358695952{margin-bottom: 40px !important;}&#8221;][vc_column][stm_services_grid posts_per_page=&#8221;15&#8243; posts_per_row=&#8221;3&#8243;][\/vc_column][\/vc_row][vc_row full_width=&#8221;stretch_row&#8221; css=&#8221;.vc_custom_1449137637970{margin-bottom: 0px !important;padding-top: 80px !important;padding-bottom: 30px !important;background-color: #f7f7f7 !important;}&#8221;][vc_column width=&#8221;1\/2&#8243; css=&#8221;.vc_custom_1449137646409{margin-bottom: 40px !important;}&#8221;][vc_column_text]<\/p>\n<h3>Solu\u00e7\u00f5es efectivas<\/h3>\n<p>Beneficia da nossa experi\u00eancia em fornecer solu\u00e7\u00f5es eficazes para as complexas cadeias de fornecimento globais de algumas das maiores corpora\u00e7\u00f5es mundiais. Beneficia de cada inova\u00e7\u00e3o, quer envolva uma simples extens\u00e3o aos nossos produtos de Carga A\u00e9rea e Mar\u00edtima, quer signifique um desenvolvimento no armazenamento, quer exija um modelo completamente novo de cadeia de abastecimento integrada.[\/vc_column_text][\/vc_column][vc_column width=&#8221;1\/2&#8243; css=&#8221;.vc_custom_1449137653081{margin-bottom: 40px !important;}&#8221;][vc_column_text]<\/p>\n<h3>Uma riqueza de experi\u00eancia<\/h3>\n<p>Cada nova solu\u00e7\u00e3o contribui para a riqueza da nossa experi\u00eancia e, por conseguinte, para a nossa compet\u00eancia e credibilidade. Tudo isto explica porque encontrar\u00e1 a equipa da TransCargo pronta para aplicar a sua paix\u00e3o por solu\u00e7\u00f5es de apoio ao seu neg\u00f3cio.[\/vc_column_text][\/vc_column][\/vc_row][vc_row full_width=&#8221;stretch_row_content_no_spaces&#8221; equal_height=&#8221;yes&#8221; content_placement=&#8221;top&#8221; el_class=&#8221;secondary_bg_color services_icons reset-sm-paddings&#8221; css=&#8221;.vc_custom_1450671531930{margin-bottom: 0px !important;}&#8221;][vc_column css=&#8221;.vc_custom_1449204255225{padding-top: 75px !important;padding-right: 115px !important;padding-bottom: 75px !important;padding-left: 115px !important;}&#8221; offset=&#8221;vc_col-lg-4 vc_col-md-4&#8243;][stm_icon icon_size=&#8221;67&#8243; icon_height=&#8221;90&#8243; title_font_size=&#8221;24&#8243; title_font_weight=&#8221;700&#8243; align=&#8221;center&#8221; icon=&#8221;stm-security&#8221; title=&#8221;Seguro e protegido&#8221; text=&#8221;Beneficia da nossa experi\u00eancia em fornecer solu\u00e7\u00f5es eficazes para as complexas cadeias de fornecimento globais de algumas das maiores corpora\u00e7\u00f5es mundiais.&#8221; icon_color=&#8221;#ffffff&#8221; title_color=&#8221;#ffffff&#8221; text_color=&#8221;#ffffff&#8221;][\/vc_column][vc_column css=&#8221;.vc_custom_1449204260881{padding-top: 75px !important;padding-right: 115px !important;padding-bottom: 75px !important;padding-left: 115px !important;background-color: rgba(0,0,0,0.1) !important;*background-color: rgb(0,0,0) !important;}&#8221; offset=&#8221;vc_col-lg-4 vc_col-md-4&#8243;][stm_icon icon_size=&#8221;67&#8243; icon_height=&#8221;90&#8243; title_font_size=&#8221;24&#8243; title_font_weight=&#8221;700&#8243; align=&#8221;center&#8221; icon=&#8221;stm-fast-delivery&#8221; title=&#8221;Entrega r\u00e1pida&#8221; text=&#8221;Beneficia de todas as inova\u00e7\u00f5es, quer se trate de uma simples extens\u00e3o aos nossos produtos de Carga A\u00e9rea e Mar\u00edtima, quer se trate de um desenvolvimento no armazenamento.&#8221; icon_color=&#8221;#ffffff&#8221; title_color=&#8221;#ffffff&#8221; text_color=&#8221;#ffffff&#8221;][\/vc_column][vc_column css=&#8221;.vc_custom_1449204266169{padding-top: 75px !important;padding-right: 115px !important;padding-bottom: 75px !important;padding-left: 115px !important;background-color: rgba(0,0,0,0.2) !important;*background-color: rgb(0,0,0) !important;}&#8221; offset=&#8221;vc_col-lg-4 vc_col-md-4&#8243;][stm_icon icon_size=&#8221;67&#8243; icon_height=&#8221;90&#8243; title_font_size=&#8221;24&#8243; title_font_weight=&#8221;700&#8243; align=&#8221;center&#8221; icon=&#8221;stm-support&#8221; title=&#8221;Apoio 24\/7&#8243; text=&#8221;Tudo isto explica porque encontrar\u00e1 a equipa de apoio excepcional na TransCargo pronta a aplicar a sua paix\u00e3o por solu\u00e7\u00f5es de apoio ao seu neg\u00f3cio.&#8221; icon_color=&#8221;#ffffff&#8221; title_color=&#8221;#ffffff&#8221; text_color=&#8221;#ffffff&#8221;][\/vc_column][\/vc_row]<\/p>\n<\/div>","protected":false},"excerpt":{"rendered":"<p>[vc_row css=&#8221;.vc_custom_1449137312762{margin-bottom: 40px !important;}&#8221;][vc_column offset=&#8221;vc_col-lg-4 vc_col-md-4&#8243; css=&#8221;.vc_custom_1449137321169{margin-bottom: 40px !important;}&#8221;][vc_column_text] Qualidade e desempenho a um pre\u00e7o justo [\/vc_column_text][\/vc_column][vc_column offset=&#8221;vc_col-lg-8 vc_col-md-8&#8243;][vc_column_text]A SV-Transporte combina solu\u00e7\u00f5es individuais para se adequar a si pessoalmente. As solu\u00e7\u00f5es log\u00edsticas podem&#8230;<\/p>\n","protected":false},"author":1,"featured_media":0,"parent":0,"menu_order":0,"comment_status":"closed","ping_status":"closed","template":"","meta":{"footnotes":""},"class_list":["post-2088","page","type-page","status-publish","hentry"],"_links":{"self":[{"href":"https:\/\/svtransporte.de\/pt-pt\/wp-json\/wp\/v2\/pages\/2088","targetHints":{"allow":["GET"]}}],"collection":[{"href":"https:\/\/svtransporte.de\/pt-pt\/wp-json\/wp\/v2\/pages"}],"about":[{"href":"https:\/\/svtransporte.de\/pt-pt\/wp-json\/wp\/v2\/types\/page"}],"author":[{"embeddable":true,"href":"https:\/\/svtransporte.de\/pt-pt\/wp-json\/wp\/v2\/users\/1"}],"replies":[{"embeddable":true,"href":"https:\/\/svtransporte.de\/pt-pt\/wp-json\/wp\/v2\/comments?post=2088"}],"version-history":[{"count":1,"href":"https:\/\/svtransporte.de\/pt-pt\/wp-json\/wp\/v2\/pages\/2088\/revisions"}],"predecessor-version":[{"id":2090,"href":"https:\/\/svtransporte.de\/pt-pt\/wp-json\/wp\/v2\/pages\/2088\/revisions\/2090"}],"wp:attachment":[{"href":"https:\/\/svtransporte.de\/pt-pt\/wp-json\/wp\/v2\/media?parent=2088"}],"curies":[{"name":"wp","href":"https:\/\/api.w.org\/{rel}","templated":true}]}}