{"id":2042,"date":"2023-03-11T19:35:19","date_gmt":"2023-03-11T18:35:19","guid":{"rendered":"https:\/\/svtransporte.de\/politica-de-privacidade\/"},"modified":"2023-03-25T15:03:00","modified_gmt":"2023-03-25T14:03:00","slug":"politica-de-privacidade","status":"publish","type":"page","link":"https:\/\/svtransporte.de\/pt-pt\/politica-de-privacidade\/","title":{"rendered":"Pol\u00edtica de privacidade"},"content":{"rendered":"<p><strong><span style=\"font-size: 18pt;\">Pol\u00edtica de privacidade<\/span><\/strong><br \/>\nSV Transporte e.K.<br \/>\nPropriet\u00e1rio: Vitor Barros<\/p>\n<p><span style=\"font-size: 14pt;\"><strong>1. protec\u00e7\u00e3o de dados<\/strong><\/span><br \/>\n<strong>Notas gerais<br \/>\n<\/strong><br \/>\nAs notas seguintes fornecem uma vis\u00e3o simples do que acontece aos seus dados pessoais quando visita o nosso website. Os dados pessoais s\u00e3o quaisquer dados pelos quais possa ser pessoalmente identificado. Para informa\u00e7\u00f5es detalhadas sobre o tema da protec\u00e7\u00e3o de dados, consulte a nossa declara\u00e7\u00e3o de protec\u00e7\u00e3o de dados, listada abaixo deste texto.<\/p>\n<p><strong>Recolha de dados no nosso s\u00edtio web<br \/>\n<\/strong><br \/>\nQuem \u00e9 respons\u00e1vel pela recolha de dados neste s\u00edtio Web? O processamento de dados neste s\u00edtio web \u00e9 efectuado pelo operador do s\u00edtio web. Pode encontrar os seus dados de contacto na impress\u00e3o deste website. Como \u00e9 que recolhemos os seus dados? Por um lado, os seus dados s\u00e3o recolhidos por si e fornecidos a n\u00f3s. Estes podem ser, por exemplo, dados que introduza num formul\u00e1rio de contacto. Outros dados s\u00e3o recolhidos automaticamente pelos nossos sistemas inform\u00e1ticos quando se visita o website. Trata-se principalmente de dados t\u00e9cnicos (por exemplo, navegador de Internet, sistema operativo ou hora de visualiza\u00e7\u00e3o da p\u00e1gina). Estes dados s\u00e3o recolhidos automaticamente assim que se entra no nosso s\u00edtio web. Para que \u00e9 que utilizamos os seus dados? Parte dos dados \u00e9 recolhida para garantir o fornecimento do s\u00edtio web sem erros. Outros dados podem ser utilizados para analisar o seu comportamento de utilizador. Que direitos tem em rela\u00e7\u00e3o aos seus dados? Tem o direito de receber informa\u00e7\u00f5es sobre a origem, destinat\u00e1rio e finalidade dos seus dados pessoais armazenados gratuitamente em qualquer altura. Tem tamb\u00e9m o direito de solicitar a correc\u00e7\u00e3o, bloqueio ou elimina\u00e7\u00e3o destes dados. Pode contactar-nos em qualquer altura no endere\u00e7o indicado no impresso no que diz respeito a esta e outras quest\u00f5es sobre o tema da protec\u00e7\u00e3o de dados. Al\u00e9m disso, tem o direito de apresentar uma queixa junto da autoridade de supervis\u00e3o competente.<\/p>\n<p><strong>Ferramentas e ferramentas de an\u00e1lise de terceiros<br \/>\n<\/strong><br \/>\nAo visitar o nosso s\u00edtio web, o seu comportamento de navega\u00e7\u00e3o pode ser avaliado estatisticamente. Isto \u00e9 feito principalmente com cookies e com os chamados programas de an\u00e1lise. A an\u00e1lise do seu comportamento de surf \u00e9 geralmente an\u00f3nima; o comportamento de surf n\u00e3o pode ser rastreado at\u00e9 si. Pode opor-se a esta an\u00e1lise ou impedi-la, n\u00e3o utilizando certas ferramentas. Encontrar\u00e1 informa\u00e7\u00f5es detalhadas sobre isto na seguinte pol\u00edtica de privacidade. Pode opor-se a esta an\u00e1lise. Iremos inform\u00e1-lo sobre as op\u00e7\u00f5es de objec\u00e7\u00e3o nesta pol\u00edtica de privacidade.<\/p>\n<p><span style=\"font-size: 14pt;\"><strong>2 Notas gerais e informa\u00e7\u00f5es obrigat\u00f3rias<\/strong><br \/>\n<\/span><br \/>\n<strong>Protec\u00e7\u00e3o de dados<\/strong><br \/>\nOs operadores destas p\u00e1ginas levam muito a s\u00e9rio a protec\u00e7\u00e3o dos seus dados pessoais. Tratamos os seus dados pessoais confidencialmente e em conformidade com os regulamentos legais de protec\u00e7\u00e3o de dados e com a presente declara\u00e7\u00e3o de protec\u00e7\u00e3o de dados. Quando se utiliza este website, s\u00e3o recolhidos v\u00e1rios dados pessoais. Dados pessoais s\u00e3o dados com os quais se pode ser pessoalmente identificado. Esta pol\u00edtica de privacidade explica os dados que recolhemos e para que os utilizamos. Explica tamb\u00e9m como e para que fim isto \u00e9 feito. Gostar\u00edamos de salientar que a transmiss\u00e3o de dados na Internet (por exemplo, comunica\u00e7\u00e3o por correio electr\u00f3nico) pode ter lacunas de seguran\u00e7a. A protec\u00e7\u00e3o completa dos dados contra o acesso de terceiros n\u00e3o \u00e9 poss\u00edvel.<\/p>\n<p><strong>Nota sobre o organismo respons\u00e1vel<\/strong><br \/>\nA parte respons\u00e1vel pelo tratamento de dados neste website \u00e9: Hofmann Internationale Spedition GmbH Justus-von-Liebig-Stra\u00dfe 8 64584 Biebesheim\/Rhein Phone: 06258 \/ 804-0 E-mail: info@hofmann-spedition.de A parte respons\u00e1vel \u00e9 a pessoa singular ou colectiva que, sozinha ou em conjunto com outros, determina as finalidades e meios do tratamento de dados pessoais (por exemplo, nomes, endere\u00e7os de e-mail ou similares).<\/p>\n<p><strong>Revoga\u00e7\u00e3o do seu consentimento para o tratamento de dados<\/strong><br \/>\nMuitas opera\u00e7\u00f5es de tratamento de dados s\u00f3 s\u00e3o poss\u00edveis com o seu consentimento expl\u00edcito. Pode revogar o consentimento que j\u00e1 deu em qualquer altura. S\u00f3 precisa de nos enviar uma mensagem informal por e-mail. A legalidade do tratamento de dados efectuado at\u00e9 \u00e0 revoga\u00e7\u00e3o n\u00e3o \u00e9 afectada pela revoga\u00e7\u00e3o.<\/p>\n<p><strong>Direito de recurso para a autoridade de controlo competente<\/strong><br \/>\nEm caso de viola\u00e7\u00e3o da lei de protec\u00e7\u00e3o de dados, a pessoa em causa tem o direito de recorrer para a autoridade de controlo competente. A autoridade de controlo competente em mat\u00e9ria de lei de protec\u00e7\u00e3o de dados \u00e9 o Comiss\u00e1rio Estatal de Protec\u00e7\u00e3o de Dados do estado federal em que a nossa empresa est\u00e1 sediada. Uma lista dos respons\u00e1veis pela protec\u00e7\u00e3o de dados e os seus dados de contacto pode ser encontrada no seguinte link: https:\/\/www.bfdi.bund.de\/DE\/Infothek\/Anschriften_Links\/anschriften_links-node.html.<\/p>\n<p><strong>Direito \u00e0 portabilidade dos dados<\/strong><br \/>\nTem o direito de ter dados que processamos automaticamente com base no seu consentimento ou em cumprimento de um contrato entregue a si ou a um terceiro num formato comum e leg\u00edvel por m\u00e1quina. Se solicitar a transfer\u00eancia directa dos dados para outro controlador, isto s\u00f3 ser\u00e1 feito na medida em que seja tecnicamente vi\u00e1vel.<\/p>\n<p><strong>Informa\u00e7\u00e3o, bloqueio, elimina\u00e7\u00e3o<\/strong><br \/>\nNo \u00e2mbito das disposi\u00e7\u00f5es legais aplic\u00e1veis, tem o direito de, a qualquer momento, libertar informa\u00e7\u00f5es sobre os seus dados pessoais armazenados, a sua origem e destinat\u00e1rio e a finalidade do tratamento dos dados e, se aplic\u00e1vel, um direito \u00e0 correc\u00e7\u00e3o, bloqueio ou elimina\u00e7\u00e3o desses dados. Pode contactar-nos em qualquer altura no endere\u00e7o indicado no impresso para este fim e para mais perguntas sobre o assunto dos dados pessoais.<\/p>\n<p><strong>Objec\u00e7\u00e3o a e-mails publicit\u00e1rios<\/strong><br \/>\nA utiliza\u00e7\u00e3o de dados de contacto publicados no \u00e2mbito da obriga\u00e7\u00e3o de impress\u00e3o para a transmiss\u00e3o de material publicit\u00e1rio e informativo n\u00e3o expressamente solicitado \u00e9 aqui contestada. Os operadores das p\u00e1ginas reservam-se expressamente o direito de tomar medidas legais em caso de envio n\u00e3o solicitado de informa\u00e7\u00f5es publicit\u00e1rias, por exemplo, por correio electr\u00f3nico n\u00e3o solicitado.<\/p>\n<p><span style=\"font-size: 14pt;\"><strong>3. Respons\u00e1vel pela protec\u00e7\u00e3o de dados<\/strong><br \/>\n<\/span><br \/>\n<strong>Respons\u00e1vel pela protec\u00e7\u00e3o de dados exigido por lei<\/strong><br \/>\nTemos um respons\u00e1vel interno pela protec\u00e7\u00e3o de dados para a nossa empresa. Vitor Barros, Bruckbbrede 45, D-48163 M\u00fcnster E-mail: datenschutz@svtransporte.de<\/p>\n<p><strong><span style=\"font-size: 14pt;\">4. recolha de dados no nosso s\u00edtio web<br \/>\n<\/span><\/strong><br \/>\n<strong>Ficheiros de registo do servidor<\/strong><br \/>\nO fornecedor das p\u00e1ginas recolhe e armazena automaticamente informa\u00e7\u00f5es nos chamados ficheiros de registo do servidor, que o seu navegador nos transmite automaticamente. Estes s\u00e3o:<\/p>\n<ul>\n<li>Tipo e vers\u00e3o do navegador<\/li>\n<li>Sistema operativo utilizado<\/li>\n<li>URL de refer\u00eancia<\/li>\n<li>Nome do anfitri\u00e3o do computador de acesso<\/li>\n<li>Hora do pedido do servidor<\/li>\n<li>Endere\u00e7o IP<\/li>\n<\/ul>\n<p>Estes dados n\u00e3o s\u00e3o fundidos com outras fontes de dados. A base para o processamento de dados \u00e9 o n.\u00ba 6 do art. 6. 1 litro. f DSGVO, que permite o tratamento de dados para a execu\u00e7\u00e3o de um contrato ou de medidas pr\u00e9-contratuais.<\/p>\n<p><strong><span style=\"font-size: 14pt;\">5. ferramentas de an\u00e1lise e publicidade<br \/>\n<\/span><\/strong><br \/>\n<strong>Google Analytics<\/strong><br \/>\nEste s\u00edtio usa fun\u00e7\u00f5es do servi\u00e7o de an\u00e1lise web Google Analytics. O fornecedor \u00e9 Google Inc, 1600 Amphitheatre Parkway, Mountain View, CA 94043, EUA. O Google Analytics utiliza os chamados &#8220;cookies&#8221;. Estes s\u00e3o ficheiros de texto que s\u00e3o armazenados no seu computador e permitem uma an\u00e1lise da sua utiliza\u00e7\u00e3o do s\u00edtio web. A informa\u00e7\u00e3o gerada pelo cookie sobre a sua utiliza\u00e7\u00e3o deste website \u00e9 geralmente transmitida para um servidor Google nos EUA e a\u00ed armazenada. Os cookies do Google Analytics s\u00e3o armazenados com base no Art. 6 (1) lit. f DSGVO. O operador do website tem um interesse leg\u00edtimo em analisar o comportamento do utilizador, a fim de optimizar tanto o seu website como a sua publicidade. Anonimiza\u00e7\u00e3o de IP Activ\u00e1mos a fun\u00e7\u00e3o de anonimiza\u00e7\u00e3o de IP neste s\u00edtio web. Isto significa que o seu endere\u00e7o IP \u00e9 encurtado pelo Google dentro dos estados membros da Uni\u00e3o Europeia ou noutros estados parte do Acordo sobre o Espa\u00e7o Econ\u00f3mico Europeu antes de ser transmitido para os EUA. Apenas em casos excepcionais, o endere\u00e7o IP completo ser\u00e1 transmitido a um servidor Google nos EUA e encurtado nesse pa\u00eds. Em nome do operador deste website, a Google utilizar\u00e1 esta informa\u00e7\u00e3o para efeitos de avalia\u00e7\u00e3o da sua utiliza\u00e7\u00e3o do website, compilando relat\u00f3rios sobre a actividade do website e fornecendo outros servi\u00e7os relacionados com a actividade do website e a utiliza\u00e7\u00e3o da Internet ao operador do website. O endere\u00e7o IP transmitido pelo seu navegador como parte do Google Analytics n\u00e3o ser\u00e1 fundido com outros dados do Google. Plugin do navegador Pode recusar a utiliza\u00e7\u00e3o de cookies, seleccionando as defini\u00e7\u00f5es apropriadas no seu navegador, no entanto, note que se o fizer poder\u00e1 n\u00e3o ser capaz de utilizar todas as funcionalidades deste website. Pode tamb\u00e9m impedir a recolha de dados gerados pelo cookie e relacionados com a sua utiliza\u00e7\u00e3o do website (incluindo o seu endere\u00e7o IP) pela Google e o processamento destes dados pela Google, descarregando e instalando o plugin do navegador dispon\u00edvel no seguinte link: https:\/\/tools.google.com\/dlpage\/gaoptout?hl=de. Objec\u00e7\u00e3o \u00e0 recolha de dados Pode impedir a recolha dos seus dados pelo Google Analytics, clicando no seguinte link. Ser\u00e1 criado um cookie de auto-exclus\u00e3o, que impedir\u00e1 a recolha dos seus dados durante futuras visitas a este website: Desactivar o Google Analytics. Pode encontrar mais informa\u00e7\u00f5es sobre a forma como o Google Analytics trata os dados dos utilizadores na pol\u00edtica de privacidade do Google: https:\/\/support.google.com\/analytics\/answer\/6004245?hl=de.<\/p>\n<p><span style=\"font-size: 14pt;\"><strong>6. Plugins e ferramentas<br \/>\n<\/strong><\/span><br \/>\n<strong>YouTube \/ Vimeo<\/strong><br \/>\nO nosso s\u00edtio usa plugins do s\u00edtio YouTube operado pelo Google. O operador das p\u00e1ginas \u00e9 o YouTube, LLC, 901 Cherry Ave, San Bruno, CA 94066, EUA. Quando se visita uma das nossas p\u00e1ginas equipada com um plugin do YouTube, \u00e9 estabelecida uma liga\u00e7\u00e3o aos servidores do YouTube. Isto diz ao servidor YouTube qual das nossas p\u00e1ginas visitou. Se estiver ligado \u00e0 sua conta YouTube, habilita o YouTube a atribuir o seu comportamento de navega\u00e7\u00e3o directamente ao seu perfil pessoal. Pode impedir isto, fazendo o logout da sua conta YouTube. O YouTube \u00e9 utilizado no interesse de uma apresenta\u00e7\u00e3o apelativa das nossas ofertas online. Isto representa um interesse leg\u00edtimo na acep\u00e7\u00e3o do Art. 6 Par. 1 lit. f DSGVO. Mais informa\u00e7\u00f5es sobre o tratamento dos dados dos utilizadores podem ser encontradas na pol\u00edtica de privacidade do YouTube em: https:\/\/www.google.de\/intl\/de\/policies\/privacy.<br \/>\nFontes Web do Google<br \/>\nEste site utiliza as chamadas fontes Web fornecidas pela Google para a exibi\u00e7\u00e3o uniforme das fontes. Quando chama uma p\u00e1gina, o seu navegador carrega as fontes web necess\u00e1rias na cache do seu navegador a fim de exibir textos e fontes correctamente. Para este fim, o navegador que utiliza deve ligar-se aos servidores da Google. Isto permite ao Google saber que o nosso s\u00edtio web foi acedido atrav\u00e9s do seu endere\u00e7o IP. As Fontes Web do Google s\u00e3o utilizadas no interesse de uma apresenta\u00e7\u00e3o uniforme e apelativa das nossas ofertas online. Isto constitui um interesse leg\u00edtimo na acep\u00e7\u00e3o do n.\u00ba 6 do art. 6. 1 litro. f GDPR. Se o seu browser n\u00e3o suporta fontes web, uma fonte padr\u00e3o \u00e9 utilizada pelo seu computador. Mais informa\u00e7\u00f5es sobre Google Web Fonts podem ser encontradas em https:\/\/developers.google.com\/fonts\/faq e na pol\u00edtica de privacidade do Google: https:\/\/www.google.com\/policies\/privacy\/.<br \/>\nGoogle Maps<br \/>\nEste site utiliza o servi\u00e7o de mapas Google Maps atrav\u00e9s de uma API. O fornecedor \u00e9 Google Inc, 1600 Amphitheatre Parkway, Mountain View, CA 94043, EUA. Para utilizar as fun\u00e7\u00f5es do Google Maps, \u00e9 necess\u00e1rio armazenar o seu endere\u00e7o IP. Esta informa\u00e7\u00e3o \u00e9 geralmente transferida para um servidor Google nos EUA e a\u00ed armazenada. O fornecedor deste site n\u00e3o tem qualquer influ\u00eancia sobre esta transmiss\u00e3o de dados. Google Maps \u00e9 utilizado no interesse de uma apresenta\u00e7\u00e3o apelativa das nossas ofertas online e para facilitar a procura dos lugares que indicamos no s\u00edtio web. Isto constitui um interesse leg\u00edtimo na acep\u00e7\u00e3o do Art. 6 Par. 1 lit. f DSGVO. Mais informa\u00e7\u00f5es sobre o tratamento dos dados dos utilizadores podem ser encontradas na pol\u00edtica de privacidade do Google: https:\/\/www.google.de\/intl\/de\/policies\/privacy\/.<\/p>\n","protected":false},"excerpt":{"rendered":"<p>Pol\u00edtica de privacidade SV Transporte e.K. Propriet\u00e1rio: Vitor Barros 1. protec\u00e7\u00e3o de dados Notas gerais As notas seguintes fornecem uma vis\u00e3o simples do que acontece aos seus dados pessoais quando visita o nosso&#8230;<\/p>\n","protected":false},"author":1,"featured_media":0,"parent":0,"menu_order":0,"comment_status":"closed","ping_status":"closed","template":"","meta":{"footnotes":""},"class_list":["post-2042","page","type-page","status-publish","hentry"],"_links":{"self":[{"href":"https:\/\/svtransporte.de\/pt-pt\/wp-json\/wp\/v2\/pages\/2042","targetHints":{"allow":["GET"]}}],"collection":[{"href":"https:\/\/svtransporte.de\/pt-pt\/wp-json\/wp\/v2\/pages"}],"about":[{"href":"https:\/\/svtransporte.de\/pt-pt\/wp-json\/wp\/v2\/types\/page"}],"author":[{"embeddable":true,"href":"https:\/\/svtransporte.de\/pt-pt\/wp-json\/wp\/v2\/users\/1"}],"replies":[{"embeddable":true,"href":"https:\/\/svtransporte.de\/pt-pt\/wp-json\/wp\/v2\/comments?post=2042"}],"version-history":[{"count":2,"href":"https:\/\/svtransporte.de\/pt-pt\/wp-json\/wp\/v2\/pages\/2042\/revisions"}],"predecessor-version":[{"id":2457,"href":"https:\/\/svtransporte.de\/pt-pt\/wp-json\/wp\/v2\/pages\/2042\/revisions\/2457"}],"wp:attachment":[{"href":"https:\/\/svtransporte.de\/pt-pt\/wp-json\/wp\/v2\/media?parent=2042"}],"curies":[{"name":"wp","href":"https:\/\/api.w.org\/{rel}","templated":true}]}}